{"id":5688,"date":"2025-01-17T13:56:50","date_gmt":"2025-01-17T12:56:50","guid":{"rendered":"https:\/\/www.fcweissensee03.de\/V2\/?page_id=5688"},"modified":"2025-01-17T14:12:29","modified_gmt":"2025-01-17T13:12:29","slug":"g-junioren","status":"publish","type":"page","link":"https:\/\/www.fcweissensee03.de\/V2\/nachwuchs\/g-junioren\/","title":{"rendered":"G-Junioren"},"content":{"rendered":"\n\n<ul style=\"padding-top:0;padding-bottom:0;padding-left:0;padding-right:0;margin-top:0;margin-bottom:0;margin-left:0;margin-right:0;\" class=\"wp-block-latest-posts__list has-dates wp-block-latest-posts has-medium-font-size style--widget-box style-local--widget-box wp-block-kubio-core-latest-posts__widget-box\"><li><div class=\"wp-block-latest-posts__featured-image aligncenter\"><img loading=\"lazy\" decoding=\"async\" width=\"300\" height=\"300\" src=\"https:\/\/www.fcweissensee03.de\/V2\/wp-content\/uploads\/2026\/01\/IMG-20260120-WA0016-300x300.jpg\" class=\"attachment-medium size-medium wp-post-image\" alt=\"\" style=\"\" srcset=\"https:\/\/www.fcweissensee03.de\/V2\/wp-content\/uploads\/2026\/01\/IMG-20260120-WA0016-300x300.jpg 300w, https:\/\/www.fcweissensee03.de\/V2\/wp-content\/uploads\/2026\/01\/IMG-20260120-WA0016-1024x1024.jpg 1024w, https:\/\/www.fcweissensee03.de\/V2\/wp-content\/uploads\/2026\/01\/IMG-20260120-WA0016-150x150.jpg 150w, https:\/\/www.fcweissensee03.de\/V2\/wp-content\/uploads\/2026\/01\/IMG-20260120-WA0016-768x768.jpg 768w, https:\/\/www.fcweissensee03.de\/V2\/wp-content\/uploads\/2026\/01\/IMG-20260120-WA0016-1536x1536.jpg 1536w, https:\/\/www.fcweissensee03.de\/V2\/wp-content\/uploads\/2026\/01\/IMG-20260120-WA0016-1080x1080.jpg 1080w, https:\/\/www.fcweissensee03.de\/V2\/wp-content\/uploads\/2026\/01\/IMG-20260120-WA0016.jpg 2048w\" sizes=\"(max-width: 300px) 100vw, 300px\" \/><\/div><a class=\"wp-block-latest-posts__post-title\" href=\"https:\/\/www.fcweissensee03.de\/V2\/2026\/01\/21\/starke-stimmung-und-500-e-fuer-die-ulme\/\">Starke Stimmung und 500 \u20ac f\u00fcr die Ulme<\/a><time datetime=\"2026-01-21T19:24:28+01:00\" class=\"wp-block-latest-posts__post-date\">21. Januar 2026<\/time><div class=\"wp-block-latest-posts__post-excerpt\">Drei Tage lang stand in der Sporthalle Wei\u00dfensee alles im Zeichen des Jugendfu\u00dfballs. Unsere traditionellen Juniorenturniere boten genau das, was Hallenfu\u00dfball ausmacht: hohes Tempo, viele Emotionen und jede Menge sehenswerte Treffer. Den Auftakt machten\u2026\u00a0<a class=\"wp-block-latest-posts__read-more\" href=\"https:\/\/www.fcweissensee03.de\/V2\/2026\/01\/21\/starke-stimmung-und-500-e-fuer-die-ulme\/\" rel=\"noopener noreferrer\"><span class=\"screen-reader-text\">Starke Stimmung und 500 \u20ac f\u00fcr die Ulme <\/span>weiterlesen<\/a><\/div><\/li>\n<li><div class=\"wp-block-latest-posts__featured-image aligncenter\"><img loading=\"lazy\" decoding=\"async\" width=\"300\" height=\"225\" src=\"https:\/\/www.fcweissensee03.de\/V2\/wp-content\/uploads\/2025\/05\/20250426_182737000_iOS-300x225.jpg\" class=\"attachment-medium size-medium wp-post-image\" alt=\"\" style=\"\" srcset=\"https:\/\/www.fcweissensee03.de\/V2\/wp-content\/uploads\/2025\/05\/20250426_182737000_iOS-300x225.jpg 300w, https:\/\/www.fcweissensee03.de\/V2\/wp-content\/uploads\/2025\/05\/20250426_182737000_iOS-1024x768.jpg 1024w, https:\/\/www.fcweissensee03.de\/V2\/wp-content\/uploads\/2025\/05\/20250426_182737000_iOS-768x576.jpg 768w, https:\/\/www.fcweissensee03.de\/V2\/wp-content\/uploads\/2025\/05\/20250426_182737000_iOS-1536x1152.jpg 1536w, https:\/\/www.fcweissensee03.de\/V2\/wp-content\/uploads\/2025\/05\/20250426_182737000_iOS-1440x1080.jpg 1440w, https:\/\/www.fcweissensee03.de\/V2\/wp-content\/uploads\/2025\/05\/20250426_182737000_iOS.jpg 1600w\" sizes=\"(max-width: 300px) 100vw, 300px\" \/><\/div><a class=\"wp-block-latest-posts__post-title\" href=\"https:\/\/www.fcweissensee03.de\/V2\/2025\/05\/17\/starker-auftritt-unserer-bambinis-beim-turnier-in-erfurt\/\">Starker Auftritt unserer Bambinis beim Turnier in Erfurt<\/a><time datetime=\"2025-05-17T13:36:25+02:00\" class=\"wp-block-latest-posts__post-date\">17. Mai 2025<\/time><div class=\"wp-block-latest-posts__post-excerpt\">Mit viel Einsatz und echtem Teamgeist haben unsere Bambinis ein spannendes Turnier bei Gr\u00fcn-Wei\u00df Erfurt bestritten. Am Ende stand eine ausgeglichene Bilanz: drei Siege, ein Unentschieden und drei Niederlagen \u2013 ein Ergebnis, auf das alle stolz sein k\u00f6nnen!<\/div><\/li>\n<li><div class=\"wp-block-latest-posts__featured-image aligncenter\"><img loading=\"lazy\" decoding=\"async\" width=\"300\" height=\"200\" src=\"https:\/\/www.fcweissensee03.de\/V2\/wp-content\/uploads\/2024\/12\/dsc_7316-1-300x200.jpg\" class=\"attachment-medium size-medium wp-post-image\" alt=\"\" style=\"\" srcset=\"https:\/\/www.fcweissensee03.de\/V2\/wp-content\/uploads\/2024\/12\/dsc_7316-1-300x200.jpg 300w, https:\/\/www.fcweissensee03.de\/V2\/wp-content\/uploads\/2024\/12\/dsc_7316-1-1024x682.jpg 1024w, https:\/\/www.fcweissensee03.de\/V2\/wp-content\/uploads\/2024\/12\/dsc_7316-1-768x512.jpg 768w, https:\/\/www.fcweissensee03.de\/V2\/wp-content\/uploads\/2024\/12\/dsc_7316-1-1536x1024.jpg 1536w, https:\/\/www.fcweissensee03.de\/V2\/wp-content\/uploads\/2024\/12\/dsc_7316-1-1620x1080.jpg 1620w, https:\/\/www.fcweissensee03.de\/V2\/wp-content\/uploads\/2024\/12\/dsc_7316-1.jpg 2000w\" sizes=\"(max-width: 300px) 100vw, 300px\" \/><\/div><a class=\"wp-block-latest-posts__post-title\" href=\"https:\/\/www.fcweissensee03.de\/V2\/2024\/12\/30\/sponsoren-verteilen-weihnachtsgeschenke\/\">Sponsoren verteilen Weihnachtsgeschenke<\/a><time datetime=\"2024-12-30T08:11:44+01:00\" class=\"wp-block-latest-posts__post-date\">30. Dezember 2024<\/time><div class=\"wp-block-latest-posts__post-excerpt\">Am vorletzten Wochenende stand Wei\u00dfensee ganz im Zeichen des Budenzaubers, und die Unterst\u00fctzung unserer Sponsoren machte dieses Event zu einem vollen Erfolg \u2013 nicht nur auf, sondern auch abseits des Spielfelds. Gemeinsam haben die\u2026\u00a0<a class=\"wp-block-latest-posts__read-more\" href=\"https:\/\/www.fcweissensee03.de\/V2\/2024\/12\/30\/sponsoren-verteilen-weihnachtsgeschenke\/\" rel=\"noopener noreferrer\"><span class=\"screen-reader-text\">Sponsoren verteilen Weihnachtsgeschenke <\/span>weiterlesen<\/a><\/div><\/li>\n<li><div class=\"wp-block-latest-posts__featured-image aligncenter\"><img loading=\"lazy\" decoding=\"async\" width=\"225\" height=\"300\" src=\"https:\/\/www.fcweissensee03.de\/V2\/wp-content\/uploads\/2024\/01\/d06112bb-2805-4d29-ae7d-4815310b49c8-1-225x300.jpg\" class=\"attachment-medium size-medium wp-post-image\" alt=\"\" style=\"\" srcset=\"https:\/\/www.fcweissensee03.de\/V2\/wp-content\/uploads\/2024\/01\/d06112bb-2805-4d29-ae7d-4815310b49c8-1-225x300.jpg 225w, https:\/\/www.fcweissensee03.de\/V2\/wp-content\/uploads\/2024\/01\/d06112bb-2805-4d29-ae7d-4815310b49c8-1.jpg 768w\" sizes=\"(max-width: 225px) 100vw, 225px\" \/><\/div><a class=\"wp-block-latest-posts__post-title\" href=\"https:\/\/www.fcweissensee03.de\/V2\/2024\/01\/14\/budenzauber-war-ein-voller-erfolg\/\">Budenzauber war ein voller Erfolg<\/a><time datetime=\"2024-01-14T21:51:10+01:00\" class=\"wp-block-latest-posts__post-date\">14. Januar 2024<\/time><div class=\"wp-block-latest-posts__post-excerpt\">Am ersten Wochenende des neuen Jahres fanden die traditionellen Hallenturniere f\u00fcr unsere Juniorenmannschaften statt. Die Veranstaltung erstreckte sich \u00fcber drei Tage und bot spannende Wettbewerbe f\u00fcr die Spieler der Bambini bis zu den B-Junioren.\u2026\u00a0<a class=\"wp-block-latest-posts__read-more\" href=\"https:\/\/www.fcweissensee03.de\/V2\/2024\/01\/14\/budenzauber-war-ein-voller-erfolg\/\" rel=\"noopener noreferrer\"><span class=\"screen-reader-text\">Budenzauber war ein voller Erfolg <\/span>weiterlesen<\/a><\/div><\/li>\n<li><div class=\"wp-block-latest-posts__featured-image aligncenter\"><img loading=\"lazy\" decoding=\"async\" width=\"300\" height=\"200\" src=\"https:\/\/www.fcweissensee03.de\/V2\/wp-content\/uploads\/2023\/10\/14887630-4afe-4ce6-979e-de421aa4141e-1-300x200.jpg\" class=\"attachment-medium size-medium wp-post-image\" alt=\"\" style=\"\" srcset=\"https:\/\/www.fcweissensee03.de\/V2\/wp-content\/uploads\/2023\/10\/14887630-4afe-4ce6-979e-de421aa4141e-1-300x200.jpg 300w, https:\/\/www.fcweissensee03.de\/V2\/wp-content\/uploads\/2023\/10\/14887630-4afe-4ce6-979e-de421aa4141e-1-1024x683.jpg 1024w, https:\/\/www.fcweissensee03.de\/V2\/wp-content\/uploads\/2023\/10\/14887630-4afe-4ce6-979e-de421aa4141e-1-768x512.jpg 768w, https:\/\/www.fcweissensee03.de\/V2\/wp-content\/uploads\/2023\/10\/14887630-4afe-4ce6-979e-de421aa4141e-1.jpg 1500w\" sizes=\"(max-width: 300px) 100vw, 300px\" \/><\/div><a class=\"wp-block-latest-posts__post-title\" href=\"https:\/\/www.fcweissensee03.de\/V2\/2023\/10\/03\/patenkompanie-zu-gast\/\">Patenkompanie zu Gast<\/a><time datetime=\"2023-10-03T21:45:00+02:00\" class=\"wp-block-latest-posts__post-date\">3. Oktober 2023<\/time><div class=\"wp-block-latest-posts__post-excerpt\">Wie bereits in der Th\u00fcringer Allgemeinen zu lesen war, war zuletzt mal wieder die Bundeswehr in Wei\u00dfensee zu Besuch. Wie schon so h\u00e4ufig in der Vergangenheit zu Umwelttagen, dem Volkstrauertag oder diversen Feierlichkeiten war\u2026\u00a0<a class=\"wp-block-latest-posts__read-more\" href=\"https:\/\/www.fcweissensee03.de\/V2\/2023\/10\/03\/patenkompanie-zu-gast\/\" rel=\"noopener noreferrer\"><span class=\"screen-reader-text\">Patenkompanie zu Gast <\/span>weiterlesen<\/a><\/div><\/li>\n<li><div class=\"wp-block-latest-posts__featured-image aligncenter\"><img loading=\"lazy\" decoding=\"async\" width=\"300\" height=\"225\" src=\"https:\/\/www.fcweissensee03.de\/V2\/wp-content\/uploads\/2023\/08\/d4fc9e62-4af8-4370-8def-645fd5e94e4a-300x225.jpg\" class=\"attachment-medium size-medium wp-post-image\" alt=\"\" style=\"\" srcset=\"https:\/\/www.fcweissensee03.de\/V2\/wp-content\/uploads\/2023\/08\/d4fc9e62-4af8-4370-8def-645fd5e94e4a-300x225.jpg 300w, https:\/\/www.fcweissensee03.de\/V2\/wp-content\/uploads\/2023\/08\/d4fc9e62-4af8-4370-8def-645fd5e94e4a-768x576.jpg 768w, https:\/\/www.fcweissensee03.de\/V2\/wp-content\/uploads\/2023\/08\/d4fc9e62-4af8-4370-8def-645fd5e94e4a.jpg 1024w\" sizes=\"(max-width: 300px) 100vw, 300px\" \/><\/div><a class=\"wp-block-latest-posts__post-title\" href=\"https:\/\/www.fcweissensee03.de\/V2\/2023\/08\/23\/wir-suchen-uli-stein-ronaldo-oder-matthaeus\/\">Wir suchen Uli Stein, Ronaldo oder Matth\u00e4us<\/a><time datetime=\"2023-08-23T21:11:03+02:00\" class=\"wp-block-latest-posts__post-date\">23. August 2023<\/time><div class=\"wp-block-latest-posts__post-excerpt\">Leider haben wir ein Problem mit unserem M\u00e4nnerkader in der Saison 2037\/2038. Da wir dann bereits in der europ\u00e4ischen Superleague spielen wollen, ben\u00f6tigen wir eine h\u00e4ngende Spitze, einen Abr\u00e4umer vor oder hinter der Abwehr\u2026\u00a0<a class=\"wp-block-latest-posts__read-more\" href=\"https:\/\/www.fcweissensee03.de\/V2\/2023\/08\/23\/wir-suchen-uli-stein-ronaldo-oder-matthaeus\/\" rel=\"noopener noreferrer\"><span class=\"screen-reader-text\">Wir suchen Uli Stein, Ronaldo oder Matth\u00e4us <\/span>weiterlesen<\/a><\/div><\/li>\n<li><div class=\"wp-block-latest-posts__featured-image aligncenter\"><img loading=\"lazy\" decoding=\"async\" width=\"300\" height=\"225\" src=\"https:\/\/www.fcweissensee03.de\/V2\/wp-content\/uploads\/2023\/06\/8ea2631b-75f9-404e-bd35-b9c63b004ed7-300x225.jpg\" class=\"attachment-medium size-medium wp-post-image\" alt=\"\" style=\"\" srcset=\"https:\/\/www.fcweissensee03.de\/V2\/wp-content\/uploads\/2023\/06\/8ea2631b-75f9-404e-bd35-b9c63b004ed7-300x225.jpg 300w, https:\/\/www.fcweissensee03.de\/V2\/wp-content\/uploads\/2023\/06\/8ea2631b-75f9-404e-bd35-b9c63b004ed7-1024x768.jpg 1024w, https:\/\/www.fcweissensee03.de\/V2\/wp-content\/uploads\/2023\/06\/8ea2631b-75f9-404e-bd35-b9c63b004ed7-768x576.jpg 768w, https:\/\/www.fcweissensee03.de\/V2\/wp-content\/uploads\/2023\/06\/8ea2631b-75f9-404e-bd35-b9c63b004ed7-1536x1152.jpg 1536w, https:\/\/www.fcweissensee03.de\/V2\/wp-content\/uploads\/2023\/06\/8ea2631b-75f9-404e-bd35-b9c63b004ed7.jpg 2048w\" sizes=\"(max-width: 300px) 100vw, 300px\" \/><\/div><a class=\"wp-block-latest-posts__post-title\" href=\"https:\/\/www.fcweissensee03.de\/V2\/2023\/06\/01\/nix-zu-holen-fuer-die-kleinsten\/\">Nix zu holen f\u00fcr die Kleinsten<\/a><time datetime=\"2023-06-01T07:48:23+02:00\" class=\"wp-block-latest-posts__post-date\">1. Juni 2023<\/time><div class=\"wp-block-latest-posts__post-excerpt\">Auch unsere Kleinsten waren am Pfingstwochenende in Gebesee zum Fair Play Turnier. Leider sprang hierbei nur der letzte Platz heraus. Vermutlich waren viele Spieler einfach noch total durch den Wind vom Ausgang der Meisterschaft\u2026\u00a0<a class=\"wp-block-latest-posts__read-more\" href=\"https:\/\/www.fcweissensee03.de\/V2\/2023\/06\/01\/nix-zu-holen-fuer-die-kleinsten\/\" rel=\"noopener noreferrer\"><span class=\"screen-reader-text\">Nix zu holen f\u00fcr die Kleinsten <\/span>weiterlesen<\/a><\/div><\/li>\n<li><div class=\"wp-block-latest-posts__featured-image aligncenter\"><img loading=\"lazy\" decoding=\"async\" width=\"300\" height=\"225\" src=\"https:\/\/www.fcweissensee03.de\/V2\/wp-content\/uploads\/2023\/05\/acf093f8-b31f-49fb-9fc0-c3bcd8fc26b2-300x225.jpg\" class=\"attachment-medium size-medium wp-post-image\" alt=\"\" style=\"\" srcset=\"https:\/\/www.fcweissensee03.de\/V2\/wp-content\/uploads\/2023\/05\/acf093f8-b31f-49fb-9fc0-c3bcd8fc26b2-300x225.jpg 300w, https:\/\/www.fcweissensee03.de\/V2\/wp-content\/uploads\/2023\/05\/acf093f8-b31f-49fb-9fc0-c3bcd8fc26b2-768x576.jpg 768w, https:\/\/www.fcweissensee03.de\/V2\/wp-content\/uploads\/2023\/05\/acf093f8-b31f-49fb-9fc0-c3bcd8fc26b2.jpg 1024w\" sizes=\"(max-width: 300px) 100vw, 300px\" \/><\/div><a class=\"wp-block-latest-posts__post-title\" href=\"https:\/\/www.fcweissensee03.de\/V2\/2023\/05\/11\/tolle-leistung-unserer-kleinsten\/\">Tolle Leistung unserer Kleinsten<\/a><time datetime=\"2023-05-11T21:39:29+02:00\" class=\"wp-block-latest-posts__post-date\">11. Mai 2023<\/time><div class=\"wp-block-latest-posts__post-excerpt\">Am 6. Mai 2023 absolvierten wir unser erstes Fair-Play-Turnier in dieser Saison. Der Gastgeber war Borntal Erfurt. Geplant waren insgesamt drei Punkt-Spiele sowie ein Match gegen Lok 2 Erfurt, welches ohne Wertung bestritten wurde.\u2026\u00a0<a class=\"wp-block-latest-posts__read-more\" href=\"https:\/\/www.fcweissensee03.de\/V2\/2023\/05\/11\/tolle-leistung-unserer-kleinsten\/\" rel=\"noopener noreferrer\"><span class=\"screen-reader-text\">Tolle Leistung unserer Kleinsten <\/span>weiterlesen<\/a><\/div><\/li>\n<li><div class=\"wp-block-latest-posts__featured-image aligncenter\"><img loading=\"lazy\" decoding=\"async\" width=\"135\" height=\"300\" src=\"https:\/\/www.fcweissensee03.de\/V2\/wp-content\/uploads\/2023\/04\/29c4a9ea-4688-49c0-b91a-ad3e47b75e10-135x300.jpg\" class=\"attachment-medium size-medium wp-post-image\" alt=\"\" style=\"\" srcset=\"https:\/\/www.fcweissensee03.de\/V2\/wp-content\/uploads\/2023\/04\/29c4a9ea-4688-49c0-b91a-ad3e47b75e10-135x300.jpg 135w, https:\/\/www.fcweissensee03.de\/V2\/wp-content\/uploads\/2023\/04\/29c4a9ea-4688-49c0-b91a-ad3e47b75e10-461x1024.jpg 461w, https:\/\/www.fcweissensee03.de\/V2\/wp-content\/uploads\/2023\/04\/29c4a9ea-4688-49c0-b91a-ad3e47b75e10-768x1705.jpg 768w, https:\/\/www.fcweissensee03.de\/V2\/wp-content\/uploads\/2023\/04\/29c4a9ea-4688-49c0-b91a-ad3e47b75e10-692x1536.jpg 692w, https:\/\/www.fcweissensee03.de\/V2\/wp-content\/uploads\/2023\/04\/29c4a9ea-4688-49c0-b91a-ad3e47b75e10.jpg 908w\" sizes=\"(max-width: 135px) 100vw, 135px\" \/><\/div><a class=\"wp-block-latest-posts__post-title\" href=\"https:\/\/www.fcweissensee03.de\/V2\/2023\/04\/21\/g-junioren-trotzen-dem-dauerregen-in-pfiffelbach\/\">G-Junioren trotzen dem Dauerregen in Pfiffelbach<\/a><time datetime=\"2023-04-21T20:55:30+02:00\" class=\"wp-block-latest-posts__post-date\">21. April 2023<\/time><div class=\"wp-block-latest-posts__post-excerpt\">Am Samstag den 15. April starteten unsere Kleinsten mit ihren Trainern Melanie und Matthias zum Funinio Fu\u00dfballturnier in Pfiffelbach. Hier wurde mit 16 Teams im Modus 3 gegen 3 vor allem die Spielfreude und\u2026\u00a0<a class=\"wp-block-latest-posts__read-more\" href=\"https:\/\/www.fcweissensee03.de\/V2\/2023\/04\/21\/g-junioren-trotzen-dem-dauerregen-in-pfiffelbach\/\" rel=\"noopener noreferrer\"><span class=\"screen-reader-text\">G-Junioren trotzen dem Dauerregen in Pfiffelbach <\/span>weiterlesen<\/a><\/div><\/li>\n<li><a class=\"wp-block-latest-posts__post-title\" href=\"https:\/\/www.fcweissensee03.de\/V2\/2022\/12\/20\/1-kaufland-cup\/\">1. Kaufland Cup<\/a><time datetime=\"2022-12-20T08:26:55+01:00\" class=\"wp-block-latest-posts__post-date\">20. Dezember 2022<\/time><div class=\"wp-block-latest-posts__post-excerpt\">Das Unternehmen Kaufland unterst\u00fctzt seit vielen Jahren den Juniorenbereich G bis E-Junioren des FC Wei\u00dfensee 03. Pandemiebedingt verz\u00f6gerte sich die Ausrichtung eines gleichnamigen Turnieres leider. Am Wochenende vom 17.12.2022 bis zum 18.12.2022 fand endlich\u2026\u00a0<a class=\"wp-block-latest-posts__read-more\" href=\"https:\/\/www.fcweissensee03.de\/V2\/2022\/12\/20\/1-kaufland-cup\/\" rel=\"noopener noreferrer\"><span class=\"screen-reader-text\">1. Kaufland Cup <\/span>weiterlesen<\/a><\/div><\/li>\n<li><a class=\"wp-block-latest-posts__post-title\" href=\"https:\/\/www.fcweissensee03.de\/V2\/2022\/06\/25\/g-junioren-5\/\">G-Junioren<\/a><time datetime=\"2022-06-25T07:24:56+02:00\" class=\"wp-block-latest-posts__post-date\">25. Juni 2022<\/time><div class=\"wp-block-latest-posts__post-excerpt\">Letztes Fair Play Turnier der G-Jugend am 19. 06.2022. Am vergangenen Sonntag hatten unsere kleinsten Mitglieder ihr letztes Turnier in der Form, Ausrichter war der SV Frohndorf\/ Orlishausen, gespielt wurde wieder im Jeder gegen\u2026\u00a0<a class=\"wp-block-latest-posts__read-more\" href=\"https:\/\/www.fcweissensee03.de\/V2\/2022\/06\/25\/g-junioren-5\/\" rel=\"noopener noreferrer\"><span class=\"screen-reader-text\">G-Junioren <\/span>weiterlesen<\/a><\/div><\/li>\n<li><a class=\"wp-block-latest-posts__post-title\" href=\"https:\/\/www.fcweissensee03.de\/V2\/2022\/06\/03\/fair-play-turnier-der-g-jugend-vom-28-05-2022\/\">Fair Play Turnier der G-Jugend vom 28.05.2022<\/a><time datetime=\"2022-06-03T18:53:10+02:00\" class=\"wp-block-latest-posts__post-date\">3. Juni 2022<\/time><div class=\"wp-block-latest-posts__post-excerpt\">Am Samstag, den 28. Mai 2022 hatten unsere kleinsten Mitglieder ihr drittes Turnier, Ausrichter war der Spr\u00f6tauer SV Gespielt wurde im Jeder gegen Jeden Prinzip. Wie vor jedem Turnier war die Aufregung gro\u00df, 3\u2026\u00a0<a class=\"wp-block-latest-posts__read-more\" href=\"https:\/\/www.fcweissensee03.de\/V2\/2022\/06\/03\/fair-play-turnier-der-g-jugend-vom-28-05-2022\/\" rel=\"noopener noreferrer\"><span class=\"screen-reader-text\">Fair Play Turnier der G-Jugend vom 28.05.2022 <\/span>weiterlesen<\/a><\/div><\/li>\n<li><a class=\"wp-block-latest-posts__post-title\" href=\"https:\/\/www.fcweissensee03.de\/V2\/2022\/05\/27\/fair-play-turnier-der-g-jugend-am-22-05-2022\/\">Fair Play Turnier der G-Jugend am 22.05.2022<\/a><time datetime=\"2022-05-27T21:29:16+02:00\" class=\"wp-block-latest-posts__post-date\">27. Mai 2022<\/time><div class=\"wp-block-latest-posts__post-excerpt\">Am vergangenen Samstag hatten unsere kleinsten Mitglieder ihr zweites Turnier, Ausrichter war der SV RW 50 Wundersleben. Gespielt wurde im Jeder gegen Jeden Prinzip. Wir sind ein bisschen mit Bauchgrummeln los gefahren, da wir\u2026\u00a0<a class=\"wp-block-latest-posts__read-more\" href=\"https:\/\/www.fcweissensee03.de\/V2\/2022\/05\/27\/fair-play-turnier-der-g-jugend-am-22-05-2022\/\" rel=\"noopener noreferrer\"><span class=\"screen-reader-text\">Fair Play Turnier der G-Jugend am 22.05.2022 <\/span>weiterlesen<\/a><\/div><\/li>\n<li><a class=\"wp-block-latest-posts__post-title\" href=\"https:\/\/www.fcweissensee03.de\/V2\/2022\/05\/06\/g-junioren-4\/\">G-Junioren<\/a><time datetime=\"2022-05-06T10:01:15+02:00\" class=\"wp-block-latest-posts__post-date\">6. Mai 2022<\/time><div class=\"wp-block-latest-posts__post-excerpt\">Fair Play Turnier der G-Jugend des FC Wei\u00dfensee 03 e.V. am 30.04.22 Am vergangenen Samstag hatten unsere kleinsten Mitglieder ihr erstes Turnier auf heimischen Rasen. Bei bestem Wetter begr\u00fc\u00dften wir den FSV S\u00d6MMERDA, den\u2026\u00a0<a class=\"wp-block-latest-posts__read-more\" href=\"https:\/\/www.fcweissensee03.de\/V2\/2022\/05\/06\/g-junioren-4\/\" rel=\"noopener noreferrer\"><span class=\"screen-reader-text\">G-Junioren <\/span>weiterlesen<\/a><\/div><\/li>\n<li><a class=\"wp-block-latest-posts__post-title\" href=\"https:\/\/www.fcweissensee03.de\/V2\/2021\/10\/20\/g-junioren-3\/\">G-Junioren<\/a><time datetime=\"2021-10-20T12:32:42+02:00\" class=\"wp-block-latest-posts__post-date\">20. Oktober 2021<\/time><div class=\"wp-block-latest-posts__post-excerpt\">Das erste Spiel unserer G-Junioren Am letzten Samstag traten unsere G-Junioren zum Pokalspiel beim TSV Motor Gispersleben an. F\u00fcr die meisten Kinder war dies das erste Spiel f\u00fcr den FC Wei\u00dfensee 03. Dieses wurde\u2026\u00a0<a class=\"wp-block-latest-posts__read-more\" href=\"https:\/\/www.fcweissensee03.de\/V2\/2021\/10\/20\/g-junioren-3\/\" rel=\"noopener noreferrer\"><span class=\"screen-reader-text\">G-Junioren <\/span>weiterlesen<\/a><\/div><\/li>\n<li><a class=\"wp-block-latest-posts__post-title\" href=\"https:\/\/www.fcweissensee03.de\/V2\/2021\/09\/23\/g-und-f-junioren\/\">G- und F- Junioren<\/a><time datetime=\"2021-09-23T13:56:25+02:00\" class=\"wp-block-latest-posts__post-date\">23. September 2021<\/time><div class=\"wp-block-latest-posts__post-excerpt\">Heute m\u00f6chten wir die Gelegenheit nutzen, euch unseren G- und F-Juniorentrainer Kevin Spangenberg n\u00e4her vorzustellen. Kevin ist 40 Jahre alt und sehr fu\u00dfballbegeistert. Seit seinen Kindertagen ist er im Fu\u00dfball aktiv und hat bei\u2026\u00a0<a class=\"wp-block-latest-posts__read-more\" href=\"https:\/\/www.fcweissensee03.de\/V2\/2021\/09\/23\/g-und-f-junioren\/\" rel=\"noopener noreferrer\"><span class=\"screen-reader-text\">G- und F- Junioren <\/span>weiterlesen<\/a><\/div><\/li>\n<li><div class=\"wp-block-latest-posts__featured-image aligncenter\"><img loading=\"lazy\" decoding=\"async\" width=\"300\" height=\"203\" src=\"https:\/\/www.fcweissensee03.de\/V2\/wp-content\/uploads\/2021\/08\/Komm-und-spiel...-1-300x203.png\" class=\"attachment-medium size-medium wp-post-image\" alt=\"\" style=\"\" srcset=\"https:\/\/www.fcweissensee03.de\/V2\/wp-content\/uploads\/2021\/08\/Komm-und-spiel...-1-300x203.png 300w, https:\/\/www.fcweissensee03.de\/V2\/wp-content\/uploads\/2021\/08\/Komm-und-spiel...-1-768x519.png 768w, https:\/\/www.fcweissensee03.de\/V2\/wp-content\/uploads\/2021\/08\/Komm-und-spiel...-1.png 999w\" sizes=\"(max-width: 300px) 100vw, 300px\" \/><\/div><a class=\"wp-block-latest-posts__post-title\" href=\"https:\/\/www.fcweissensee03.de\/V2\/2021\/08\/13\/komm-und-spiel-mit-uns-fussball\/\">Komm und spiel mit uns Fussball!<\/a><time datetime=\"2021-08-13T21:35:00+02:00\" class=\"wp-block-latest-posts__post-date\">13. August 2021<\/time><div class=\"wp-block-latest-posts__post-excerpt\">Wir bieten M\u00e4dchen und Jungen im Alter von 5 \u2013 14 Jahren (G bis C-Junioren) einen Platz in unseren Jugendmannschaften. Kontakt: info-fcweissensee03@web.de oder 0172\/7985046 www.FCWeissensee03.de \/ Facebook: FC Wei\u00dfensee 03 Junioren<\/div><\/li>\n<li><a class=\"wp-block-latest-posts__post-title\" href=\"https:\/\/www.fcweissensee03.de\/V2\/2020\/04\/08\/erste-silberware-fuer-unsere-juengsten\/\">Erste Silberware f\u00fcr unsere J\u00fcngsten<\/a><time datetime=\"2020-04-08T11:01:25+02:00\" class=\"wp-block-latest-posts__post-date\">8. April 2020<\/time><div class=\"wp-block-latest-posts__post-excerpt\">Am 22.02. folgten unsere G-Junioren einer Einladung aus Gangloffs\u00f6mmern. Noch dazu fand das Turnier in der heimischen Zweifelderhalle in Wei\u00dfensee statt. Teilnehmende Mannschaften neben uns waren der Gastgeber aus Gangloffs\u00f6mmern, sowie Greu\u00dfen, Gebesee und\u2026\u00a0<a class=\"wp-block-latest-posts__read-more\" href=\"https:\/\/www.fcweissensee03.de\/V2\/2020\/04\/08\/erste-silberware-fuer-unsere-juengsten\/\" rel=\"noopener noreferrer\"><span class=\"screen-reader-text\">Erste Silberware f\u00fcr unsere J\u00fcngsten <\/span>weiterlesen<\/a><\/div><\/li>\n<li><a class=\"wp-block-latest-posts__post-title\" href=\"https:\/\/www.fcweissensee03.de\/V2\/2020\/02\/19\/endrunden-hallenkreismeisterschaften\/\">Endrunden Hallenkreismeisterschaften<\/a><time datetime=\"2020-02-19T22:09:28+01:00\" class=\"wp-block-latest-posts__post-date\">19. Februar 2020<\/time><div class=\"wp-block-latest-posts__post-excerpt\">Am 16.02.2020 fanden die Endrunden der Hallenkreismeisterschaften der G, F und E Junioren des KFA Erfurt-S\u00f6mmerda in Wei\u00dfensee statt. Wir gratulieren den Siegern. G-Junioren: FC Erfurt Nord F-Junioren: SG SC 1910 Vieselbach E-Junioren: FC\u2026\u00a0<a class=\"wp-block-latest-posts__read-more\" href=\"https:\/\/www.fcweissensee03.de\/V2\/2020\/02\/19\/endrunden-hallenkreismeisterschaften\/\" rel=\"noopener noreferrer\"><span class=\"screen-reader-text\">Endrunden Hallenkreismeisterschaften <\/span>weiterlesen<\/a><\/div><\/li>\n<li><a class=\"wp-block-latest-posts__post-title\" href=\"https:\/\/www.fcweissensee03.de\/V2\/2019\/12\/12\/pokalspezialist-cup-2\/\">Pokalspezialist-Cup<\/a><time datetime=\"2019-12-12T13:50:28+01:00\" class=\"wp-block-latest-posts__post-date\">12. Dezember 2019<\/time><div class=\"wp-block-latest-posts__post-excerpt\">Es rappelt im Karton&#8230;. Pokalspezialist-Cup der Junioren des&nbsp;FC Wei\u00dfensee 03 e.V.&nbsp;am Wochenende 07.12.\/08.12.2019 Am zweiten Adventswochenende kamen in der Sporthalle am Fischhof in Wei\u00dfensee die Freunde des gepflegten Budenzaubers voll auf ihre Kosten. Die\u2026\u00a0<a class=\"wp-block-latest-posts__read-more\" href=\"https:\/\/www.fcweissensee03.de\/V2\/2019\/12\/12\/pokalspezialist-cup-2\/\" rel=\"noopener noreferrer\"><span class=\"screen-reader-text\">Pokalspezialist-Cup <\/span>weiterlesen<\/a><\/div><\/li>\n<li><a class=\"wp-block-latest-posts__post-title\" href=\"https:\/\/www.fcweissensee03.de\/V2\/2019\/11\/27\/pokalspezialist-cup\/\">Pokalspezialist-Cup<\/a><time datetime=\"2019-11-27T22:03:23+01:00\" class=\"wp-block-latest-posts__post-date\">27. November 2019<\/time><div class=\"wp-block-latest-posts__post-excerpt\">Am 7. und 8. Dezember 2019 finden die Hallenturniere unserer Jugendmannschaften statt. Wir haben viele interessante Teams eingeladen und freuen uns auf gute Spiele und sch\u00f6ne Tore.<\/div><\/li>\n<li><div class=\"wp-block-latest-posts__featured-image aligncenter\"><img loading=\"lazy\" decoding=\"async\" width=\"207\" height=\"300\" src=\"https:\/\/www.fcweissensee03.de\/V2\/wp-content\/uploads\/2019\/07\/1560433669-207x300.jpg\" class=\"attachment-medium size-medium wp-post-image\" alt=\"\" style=\"\" srcset=\"https:\/\/www.fcweissensee03.de\/V2\/wp-content\/uploads\/2019\/07\/1560433669-207x300.jpg 207w, https:\/\/www.fcweissensee03.de\/V2\/wp-content\/uploads\/2019\/07\/1560433669.jpg 400w\" sizes=\"(max-width: 207px) 100vw, 207px\" \/><\/div><a class=\"wp-block-latest-posts__post-title\" href=\"https:\/\/www.fcweissensee03.de\/V2\/2019\/07\/01\/g-junioren-2\/\">G-Junioren<\/a><time datetime=\"2019-07-01T08:30:38+02:00\" class=\"wp-block-latest-posts__post-date\">1. Juli 2019<\/time><div class=\"wp-block-latest-posts__post-excerpt\">35. Pfingsturnier in Gebesee&nbsp; Am Pfingstsamstag haben unsere G-Junioren am Turnier in Gebesee teilgenommen und den 1. Platz erreicht. Folgende Mannschaften waren dabei: Gebesee IGebesee IIRiethnorhausen IRietnordhausen IIWei\u00dfensee&nbsp; Insgesamt haben sie 14 Tore geschossen\u2026\u00a0<a class=\"wp-block-latest-posts__read-more\" href=\"https:\/\/www.fcweissensee03.de\/V2\/2019\/07\/01\/g-junioren-2\/\" rel=\"noopener noreferrer\"><span class=\"screen-reader-text\">G-Junioren <\/span>weiterlesen<\/a><\/div><\/li>\n<li><div class=\"wp-block-latest-posts__featured-image aligncenter\"><img loading=\"lazy\" decoding=\"async\" width=\"300\" height=\"209\" src=\"https:\/\/www.fcweissensee03.de\/V2\/wp-content\/uploads\/2019\/06\/1556632775-300x209.jpg\" class=\"attachment-medium size-medium wp-post-image\" alt=\"\" style=\"\" srcset=\"https:\/\/www.fcweissensee03.de\/V2\/wp-content\/uploads\/2019\/06\/1556632775-300x209.jpg 300w, https:\/\/www.fcweissensee03.de\/V2\/wp-content\/uploads\/2019\/06\/1556632775-392x272.jpg 392w, https:\/\/www.fcweissensee03.de\/V2\/wp-content\/uploads\/2019\/06\/1556632775-130x90.jpg 130w, https:\/\/www.fcweissensee03.de\/V2\/wp-content\/uploads\/2019\/06\/1556632775.jpg 400w\" sizes=\"(max-width: 300px) 100vw, 300px\" \/><\/div><a class=\"wp-block-latest-posts__post-title\" href=\"https:\/\/www.fcweissensee03.de\/V2\/2019\/06\/04\/g-junioren\/\">G-Junioren<\/a><time datetime=\"2019-06-04T11:37:23+02:00\" class=\"wp-block-latest-posts__post-date\">4. Juni 2019<\/time><div class=\"wp-block-latest-posts__post-excerpt\">Fair-Play-Turnier G-Junioren am Samstag den 27.04.19 Am Samstag fand das 3. von 5 Fair-Play-Turnieren statt, nach Vieselbach und Lache Erfurt war diesmal der FC Wei\u00dfensee Gastgeber. Unsere J\u00fcngsten erreichten mit 2 Siegen, 1 Unentschieden\u2026\u00a0<a class=\"wp-block-latest-posts__read-more\" href=\"https:\/\/www.fcweissensee03.de\/V2\/2019\/06\/04\/g-junioren\/\" rel=\"noopener noreferrer\"><span class=\"screen-reader-text\">G-Junioren <\/span>weiterlesen<\/a><\/div><\/li>\n<\/ul>","protected":false},"excerpt":{"rendered":"","protected":false},"author":10,"featured_media":0,"parent":5588,"menu_order":0,"comment_status":"closed","ping_status":"closed","template":"page-with-right-sidebar","meta":{"saved_in_kubio":true,"footnotes":""},"class_list":["post-5688","page","type-page","status-publish","hentry"],"kubio_ai_page_context":{"short_desc":"","purpose":"general"},"_links":{"self":[{"href":"https:\/\/www.fcweissensee03.de\/V2\/wp-json\/wp\/v2\/pages\/5688","targetHints":{"allow":["GET"]}}],"collection":[{"href":"https:\/\/www.fcweissensee03.de\/V2\/wp-json\/wp\/v2\/pages"}],"about":[{"href":"https:\/\/www.fcweissensee03.de\/V2\/wp-json\/wp\/v2\/types\/page"}],"author":[{"embeddable":true,"href":"https:\/\/www.fcweissensee03.de\/V2\/wp-json\/wp\/v2\/users\/10"}],"replies":[{"embeddable":true,"href":"https:\/\/www.fcweissensee03.de\/V2\/wp-json\/wp\/v2\/comments?post=5688"}],"version-history":[{"count":0,"href":"https:\/\/www.fcweissensee03.de\/V2\/wp-json\/wp\/v2\/pages\/5688\/revisions"}],"up":[{"embeddable":true,"href":"https:\/\/www.fcweissensee03.de\/V2\/wp-json\/wp\/v2\/pages\/5588"}],"wp:attachment":[{"href":"https:\/\/www.fcweissensee03.de\/V2\/wp-json\/wp\/v2\/media?parent=5688"}],"curies":[{"name":"wp","href":"https:\/\/api.w.org\/{rel}","templated":true}]}}