{"id":5674,"date":"2025-01-14T15:17:42","date_gmt":"2025-01-14T14:17:42","guid":{"rendered":"https:\/\/www.fcweissensee03.de\/V2\/?page_id=5674"},"modified":"2025-01-17T13:37:06","modified_gmt":"2025-01-17T12:37:06","slug":"d-junioren","status":"publish","type":"page","link":"https:\/\/www.fcweissensee03.de\/V2\/nachwuchs\/d-junioren\/","title":{"rendered":"D-Junioren"},"content":{"rendered":"\n\n<ul style=\"padding-top:0;padding-bottom:0;padding-left:0;padding-right:0;margin-top:0;margin-bottom:0;margin-left:0;margin-right:0;\" class=\"wp-block-latest-posts__list has-dates wp-block-latest-posts has-medium-font-size style--widget-box style-local--widget-box wp-block-kubio-core-latest-posts__widget-box\"><li><div class=\"wp-block-latest-posts__featured-image aligncenter\"><img loading=\"lazy\" decoding=\"async\" width=\"300\" height=\"300\" src=\"https:\/\/www.fcweissensee03.de\/V2\/wp-content\/uploads\/2026\/01\/IMG-20260120-WA0016-300x300.jpg\" class=\"attachment-medium size-medium wp-post-image\" alt=\"\" style=\"\" srcset=\"https:\/\/www.fcweissensee03.de\/V2\/wp-content\/uploads\/2026\/01\/IMG-20260120-WA0016-300x300.jpg 300w, https:\/\/www.fcweissensee03.de\/V2\/wp-content\/uploads\/2026\/01\/IMG-20260120-WA0016-1024x1024.jpg 1024w, https:\/\/www.fcweissensee03.de\/V2\/wp-content\/uploads\/2026\/01\/IMG-20260120-WA0016-150x150.jpg 150w, https:\/\/www.fcweissensee03.de\/V2\/wp-content\/uploads\/2026\/01\/IMG-20260120-WA0016-768x768.jpg 768w, https:\/\/www.fcweissensee03.de\/V2\/wp-content\/uploads\/2026\/01\/IMG-20260120-WA0016-1536x1536.jpg 1536w, https:\/\/www.fcweissensee03.de\/V2\/wp-content\/uploads\/2026\/01\/IMG-20260120-WA0016-1080x1080.jpg 1080w, https:\/\/www.fcweissensee03.de\/V2\/wp-content\/uploads\/2026\/01\/IMG-20260120-WA0016.jpg 2048w\" sizes=\"(max-width: 300px) 100vw, 300px\" \/><\/div><a class=\"wp-block-latest-posts__post-title\" href=\"https:\/\/www.fcweissensee03.de\/V2\/2026\/01\/21\/starke-stimmung-und-500-e-fuer-die-ulme\/\">Starke Stimmung und 500 \u20ac f\u00fcr die Ulme<\/a><time datetime=\"2026-01-21T19:24:28+01:00\" class=\"wp-block-latest-posts__post-date\">21. Januar 2026<\/time><div class=\"wp-block-latest-posts__post-excerpt\">Drei Tage lang stand in der Sporthalle Wei\u00dfensee alles im Zeichen des Jugendfu\u00dfballs. Unsere traditionellen Juniorenturniere boten genau das, was Hallenfu\u00dfball ausmacht: hohes Tempo, viele Emotionen und jede Menge sehenswerte Treffer. Den Auftakt machten\u2026\u00a0<a class=\"wp-block-latest-posts__read-more\" href=\"https:\/\/www.fcweissensee03.de\/V2\/2026\/01\/21\/starke-stimmung-und-500-e-fuer-die-ulme\/\" rel=\"noopener noreferrer\"><span class=\"screen-reader-text\">Starke Stimmung und 500 \u20ac f\u00fcr die Ulme <\/span>weiterlesen<\/a><\/div><\/li>\n<li><div class=\"wp-block-latest-posts__featured-image aligncenter\"><img loading=\"lazy\" decoding=\"async\" width=\"300\" height=\"135\" src=\"https:\/\/www.fcweissensee03.de\/V2\/wp-content\/uploads\/2025\/06\/IMG-20250518-WA0005_b2-300x135.jpeg\" class=\"attachment-medium size-medium wp-post-image\" alt=\"\" style=\"\" srcset=\"https:\/\/www.fcweissensee03.de\/V2\/wp-content\/uploads\/2025\/06\/IMG-20250518-WA0005_b2-300x135.jpeg 300w, https:\/\/www.fcweissensee03.de\/V2\/wp-content\/uploads\/2025\/06\/IMG-20250518-WA0005_b2-1024x462.jpeg 1024w, https:\/\/www.fcweissensee03.de\/V2\/wp-content\/uploads\/2025\/06\/IMG-20250518-WA0005_b2-768x347.jpeg 768w, https:\/\/www.fcweissensee03.de\/V2\/wp-content\/uploads\/2025\/06\/IMG-20250518-WA0005_b2-1536x693.jpeg 1536w, https:\/\/www.fcweissensee03.de\/V2\/wp-content\/uploads\/2025\/06\/IMG-20250518-WA0005_b2.jpeg 1737w\" sizes=\"(max-width: 300px) 100vw, 300px\" \/><\/div><a class=\"wp-block-latest-posts__post-title\" href=\"https:\/\/www.fcweissensee03.de\/V2\/2025\/06\/01\/30-jahre-erfolg-engagement-und-herz-fuer-den-sport\/\">30 Jahre Erfolg, Engagement und Herz f\u00fcr den Sport\u00a0<\/a><time datetime=\"2025-06-01T20:44:57+02:00\" class=\"wp-block-latest-posts__post-date\">1. Juni 2025<\/time><div class=\"wp-block-latest-posts__post-excerpt\">Was w\u00e4re der Fu\u00dfball ohne Menschen, die mit Herzblut, Heimatverbundenheit und echtem Teamgeist im Hintergrund wirken? Eine dieser wertvollen St\u00fctzen d\u00fcrfen wir seit Kurzem ganz offiziell zu unseren Unterst\u00fctzern z\u00e4hlen: die Autohaus Hocksch GmbH,\u2026\u00a0<a class=\"wp-block-latest-posts__read-more\" href=\"https:\/\/www.fcweissensee03.de\/V2\/2025\/06\/01\/30-jahre-erfolg-engagement-und-herz-fuer-den-sport\/\" rel=\"noopener noreferrer\"><span class=\"screen-reader-text\">30 Jahre Erfolg, Engagement und Herz f\u00fcr den Sport\u00a0 <\/span>weiterlesen<\/a><\/div><\/li>\n<li><div class=\"wp-block-latest-posts__featured-image aligncenter\"><img loading=\"lazy\" decoding=\"async\" width=\"300\" height=\"225\" src=\"https:\/\/www.fcweissensee03.de\/V2\/wp-content\/uploads\/2025\/01\/img_2387-1-300x225.jpg\" class=\"attachment-medium size-medium wp-post-image\" alt=\"\" style=\"\" srcset=\"https:\/\/www.fcweissensee03.de\/V2\/wp-content\/uploads\/2025\/01\/img_2387-1-300x225.jpg 300w, https:\/\/www.fcweissensee03.de\/V2\/wp-content\/uploads\/2025\/01\/img_2387-1-1024x768.jpg 1024w, https:\/\/www.fcweissensee03.de\/V2\/wp-content\/uploads\/2025\/01\/img_2387-1-768x576.jpg 768w, https:\/\/www.fcweissensee03.de\/V2\/wp-content\/uploads\/2025\/01\/img_2387-1.jpg 1386w\" sizes=\"(max-width: 300px) 100vw, 300px\" \/><\/div><a class=\"wp-block-latest-posts__post-title\" href=\"https:\/\/www.fcweissensee03.de\/V2\/2025\/01\/26\/auch-mit-schulauswahl-erfolgreich\/\">Auch mit Schulauswahl erfolgreich<\/a><time datetime=\"2025-01-26T15:58:46+01:00\" class=\"wp-block-latest-posts__post-date\">26. Januar 2025<\/time><div class=\"wp-block-latest-posts__post-excerpt\">Eine erhebliche Anzahl unserer Spieler vom FC Wei\u00dfensee 03 hat sich in der vergangenen Woche mit ihrer Schulauswahl auf Kreisebene gemessen. Nachfolgender Text ist \u00fcbernommen von der Internetseite der Regelschule Wei\u00dfensee. Regelschule Wei\u00dfensee &#8222;Auch\u2026\u00a0<a class=\"wp-block-latest-posts__read-more\" href=\"https:\/\/www.fcweissensee03.de\/V2\/2025\/01\/26\/auch-mit-schulauswahl-erfolgreich\/\" rel=\"noopener noreferrer\"><span class=\"screen-reader-text\">Auch mit Schulauswahl erfolgreich <\/span>weiterlesen<\/a><\/div><\/li>\n<li><div class=\"wp-block-latest-posts__featured-image aligncenter\"><img loading=\"lazy\" decoding=\"async\" width=\"300\" height=\"200\" src=\"https:\/\/www.fcweissensee03.de\/V2\/wp-content\/uploads\/2024\/12\/dsc_7316-1-300x200.jpg\" class=\"attachment-medium size-medium wp-post-image\" alt=\"\" style=\"\" srcset=\"https:\/\/www.fcweissensee03.de\/V2\/wp-content\/uploads\/2024\/12\/dsc_7316-1-300x200.jpg 300w, https:\/\/www.fcweissensee03.de\/V2\/wp-content\/uploads\/2024\/12\/dsc_7316-1-1024x682.jpg 1024w, https:\/\/www.fcweissensee03.de\/V2\/wp-content\/uploads\/2024\/12\/dsc_7316-1-768x512.jpg 768w, https:\/\/www.fcweissensee03.de\/V2\/wp-content\/uploads\/2024\/12\/dsc_7316-1-1536x1024.jpg 1536w, https:\/\/www.fcweissensee03.de\/V2\/wp-content\/uploads\/2024\/12\/dsc_7316-1-1620x1080.jpg 1620w, https:\/\/www.fcweissensee03.de\/V2\/wp-content\/uploads\/2024\/12\/dsc_7316-1.jpg 2000w\" sizes=\"(max-width: 300px) 100vw, 300px\" \/><\/div><a class=\"wp-block-latest-posts__post-title\" href=\"https:\/\/www.fcweissensee03.de\/V2\/2024\/12\/30\/sponsoren-verteilen-weihnachtsgeschenke\/\">Sponsoren verteilen Weihnachtsgeschenke<\/a><time datetime=\"2024-12-30T08:11:44+01:00\" class=\"wp-block-latest-posts__post-date\">30. Dezember 2024<\/time><div class=\"wp-block-latest-posts__post-excerpt\">Am vorletzten Wochenende stand Wei\u00dfensee ganz im Zeichen des Budenzaubers, und die Unterst\u00fctzung unserer Sponsoren machte dieses Event zu einem vollen Erfolg \u2013 nicht nur auf, sondern auch abseits des Spielfelds. Gemeinsam haben die\u2026\u00a0<a class=\"wp-block-latest-posts__read-more\" href=\"https:\/\/www.fcweissensee03.de\/V2\/2024\/12\/30\/sponsoren-verteilen-weihnachtsgeschenke\/\" rel=\"noopener noreferrer\"><span class=\"screen-reader-text\">Sponsoren verteilen Weihnachtsgeschenke <\/span>weiterlesen<\/a><\/div><\/li>\n<li><div class=\"wp-block-latest-posts__featured-image aligncenter\"><img loading=\"lazy\" decoding=\"async\" width=\"300\" height=\"169\" src=\"https:\/\/www.fcweissensee03.de\/V2\/wp-content\/uploads\/2024\/08\/ef43acdd-752f-484f-b7e3-011b1c7898ad-2-1-300x169.jpg\" class=\"attachment-medium size-medium wp-post-image\" alt=\"\" style=\"\" srcset=\"https:\/\/www.fcweissensee03.de\/V2\/wp-content\/uploads\/2024\/08\/ef43acdd-752f-484f-b7e3-011b1c7898ad-2-1-300x169.jpg 300w, https:\/\/www.fcweissensee03.de\/V2\/wp-content\/uploads\/2024\/08\/ef43acdd-752f-484f-b7e3-011b1c7898ad-2-1-1024x576.jpg 1024w, https:\/\/www.fcweissensee03.de\/V2\/wp-content\/uploads\/2024\/08\/ef43acdd-752f-484f-b7e3-011b1c7898ad-2-1-768x432.jpg 768w, https:\/\/www.fcweissensee03.de\/V2\/wp-content\/uploads\/2024\/08\/ef43acdd-752f-484f-b7e3-011b1c7898ad-2-1-1536x864.jpg 1536w, https:\/\/www.fcweissensee03.de\/V2\/wp-content\/uploads\/2024\/08\/ef43acdd-752f-484f-b7e3-011b1c7898ad-2-1-1920x1080.jpg 1920w, https:\/\/www.fcweissensee03.de\/V2\/wp-content\/uploads\/2024\/08\/ef43acdd-752f-484f-b7e3-011b1c7898ad-2-1.jpg 2000w\" sizes=\"(max-width: 300px) 100vw, 300px\" \/><\/div><a class=\"wp-block-latest-posts__post-title\" href=\"https:\/\/www.fcweissensee03.de\/V2\/2024\/08\/14\/d-jugend-verpasst-auftaktsieg\/\">D-Jugend verpasst Auftaktsieg<\/a><time datetime=\"2024-08-14T22:06:11+02:00\" class=\"wp-block-latest-posts__post-date\">14. August 2024<\/time><div class=\"wp-block-latest-posts__post-excerpt\">Nach den zwei siegreichen Vorbereitungsspielen stand f\u00fcr unsere D Jugend am Wochenende das erste Pflichtspiel auf dem Programm. Als Gegner auf der Wei\u00dfenseer Ulmenallee trat die noch junge D Jugend vom FSV K\u00f6lleda e.V.\u2026\u00a0<a class=\"wp-block-latest-posts__read-more\" href=\"https:\/\/www.fcweissensee03.de\/V2\/2024\/08\/14\/d-jugend-verpasst-auftaktsieg\/\" rel=\"noopener noreferrer\"><span class=\"screen-reader-text\">D-Jugend verpasst Auftaktsieg <\/span>weiterlesen<\/a><\/div><\/li>\n<li><div class=\"wp-block-latest-posts__featured-image aligncenter\"><img loading=\"lazy\" decoding=\"async\" width=\"225\" height=\"300\" src=\"https:\/\/www.fcweissensee03.de\/V2\/wp-content\/uploads\/2024\/01\/d06112bb-2805-4d29-ae7d-4815310b49c8-1-225x300.jpg\" class=\"attachment-medium size-medium wp-post-image\" alt=\"\" style=\"\" srcset=\"https:\/\/www.fcweissensee03.de\/V2\/wp-content\/uploads\/2024\/01\/d06112bb-2805-4d29-ae7d-4815310b49c8-1-225x300.jpg 225w, https:\/\/www.fcweissensee03.de\/V2\/wp-content\/uploads\/2024\/01\/d06112bb-2805-4d29-ae7d-4815310b49c8-1.jpg 768w\" sizes=\"(max-width: 225px) 100vw, 225px\" \/><\/div><a class=\"wp-block-latest-posts__post-title\" href=\"https:\/\/www.fcweissensee03.de\/V2\/2024\/01\/14\/budenzauber-war-ein-voller-erfolg\/\">Budenzauber war ein voller Erfolg<\/a><time datetime=\"2024-01-14T21:51:10+01:00\" class=\"wp-block-latest-posts__post-date\">14. Januar 2024<\/time><div class=\"wp-block-latest-posts__post-excerpt\">Am ersten Wochenende des neuen Jahres fanden die traditionellen Hallenturniere f\u00fcr unsere Juniorenmannschaften statt. Die Veranstaltung erstreckte sich \u00fcber drei Tage und bot spannende Wettbewerbe f\u00fcr die Spieler der Bambini bis zu den B-Junioren.\u2026\u00a0<a class=\"wp-block-latest-posts__read-more\" href=\"https:\/\/www.fcweissensee03.de\/V2\/2024\/01\/14\/budenzauber-war-ein-voller-erfolg\/\" rel=\"noopener noreferrer\"><span class=\"screen-reader-text\">Budenzauber war ein voller Erfolg <\/span>weiterlesen<\/a><\/div><\/li>\n<li><div class=\"wp-block-latest-posts__featured-image aligncenter\"><img loading=\"lazy\" decoding=\"async\" width=\"300\" height=\"199\" src=\"https:\/\/www.fcweissensee03.de\/V2\/wp-content\/uploads\/2023\/08\/c4d2971b-9d19-41c7-a0d7-2031a32fd5c8-300x199.jpg\" class=\"attachment-medium size-medium wp-post-image\" alt=\"\" style=\"\" srcset=\"https:\/\/www.fcweissensee03.de\/V2\/wp-content\/uploads\/2023\/08\/c4d2971b-9d19-41c7-a0d7-2031a32fd5c8-300x199.jpg 300w, https:\/\/www.fcweissensee03.de\/V2\/wp-content\/uploads\/2023\/08\/c4d2971b-9d19-41c7-a0d7-2031a32fd5c8-1024x678.jpg 1024w, https:\/\/www.fcweissensee03.de\/V2\/wp-content\/uploads\/2023\/08\/c4d2971b-9d19-41c7-a0d7-2031a32fd5c8-768x509.jpg 768w, https:\/\/www.fcweissensee03.de\/V2\/wp-content\/uploads\/2023\/08\/c4d2971b-9d19-41c7-a0d7-2031a32fd5c8-1536x1017.jpg 1536w, https:\/\/www.fcweissensee03.de\/V2\/wp-content\/uploads\/2023\/08\/c4d2971b-9d19-41c7-a0d7-2031a32fd5c8.jpg 2048w\" sizes=\"(max-width: 300px) 100vw, 300px\" \/><\/div><a class=\"wp-block-latest-posts__post-title\" href=\"https:\/\/www.fcweissensee03.de\/V2\/2023\/08\/23\/torschuetzenkoenig-wurde-ausgezeichnet\/\">Torsch\u00fctzenk\u00f6nig wurde ausgezeichnet<\/a><time datetime=\"2023-08-23T22:38:55+02:00\" class=\"wp-block-latest-posts__post-date\">23. August 2023<\/time><div class=\"wp-block-latest-posts__post-excerpt\">Nach Tamino Pergelt im vergangenen Jahr kommt auch in der abgelaufenen Saison erneut ein Torsch\u00fctzenk\u00f6nig aus unserem Verein. Robert Warz erzielte in der vergangenen Saison in der Kreisliga der D-Junioren 25 Treffer und wurde\u2026\u00a0<a class=\"wp-block-latest-posts__read-more\" href=\"https:\/\/www.fcweissensee03.de\/V2\/2023\/08\/23\/torschuetzenkoenig-wurde-ausgezeichnet\/\" rel=\"noopener noreferrer\"><span class=\"screen-reader-text\">Torsch\u00fctzenk\u00f6nig wurde ausgezeichnet <\/span>weiterlesen<\/a><\/div><\/li>\n<li><div class=\"wp-block-latest-posts__featured-image aligncenter\"><img loading=\"lazy\" decoding=\"async\" width=\"300\" height=\"199\" src=\"https:\/\/www.fcweissensee03.de\/V2\/wp-content\/uploads\/2023\/07\/img_6481-300x199.jpg\" class=\"attachment-medium size-medium wp-post-image\" alt=\"\" style=\"\" srcset=\"https:\/\/www.fcweissensee03.de\/V2\/wp-content\/uploads\/2023\/07\/img_6481-300x199.jpg 300w, https:\/\/www.fcweissensee03.de\/V2\/wp-content\/uploads\/2023\/07\/img_6481-1024x678.jpg 1024w, https:\/\/www.fcweissensee03.de\/V2\/wp-content\/uploads\/2023\/07\/img_6481-768x509.jpg 768w, https:\/\/www.fcweissensee03.de\/V2\/wp-content\/uploads\/2023\/07\/img_6481-1536x1017.jpg 1536w, https:\/\/www.fcweissensee03.de\/V2\/wp-content\/uploads\/2023\/07\/img_6481-2048x1356.jpg 2048w\" sizes=\"(max-width: 300px) 100vw, 300px\" \/><\/div><a class=\"wp-block-latest-posts__post-title\" href=\"https:\/\/www.fcweissensee03.de\/V2\/2023\/07\/09\/fliesen-beck-cup-2023-erfolgreiche-c-junioren-und-vielversprechende-d1-junioren\/\">Fliesen Beck Cup 2023 &#8211; Erfolgreiche C-Junioren und vielversprechende D1-Junioren<\/a><time datetime=\"2023-07-09T14:38:32+02:00\" class=\"wp-block-latest-posts__post-date\">9. Juli 2023<\/time><div class=\"wp-block-latest-posts__post-excerpt\">Das mitrei\u00dfende Fu\u00dfballturnier der C-Junioren, der Fliesen Beck Cup 2023, fand am Nachmittag des 24. Juni 2023 statt und sorgte f\u00fcr Begeisterung bei Spielern und Zuschauern gleicherma\u00dfen. Die Spielgemeinschaft Bilzingsleben\/Wei\u00dfensee, die als Gastgeber des\u2026\u00a0<a class=\"wp-block-latest-posts__read-more\" href=\"https:\/\/www.fcweissensee03.de\/V2\/2023\/07\/09\/fliesen-beck-cup-2023-erfolgreiche-c-junioren-und-vielversprechende-d1-junioren\/\" rel=\"noopener noreferrer\"><span class=\"screen-reader-text\">Fliesen Beck Cup 2023 &#8211; Erfolgreiche C-Junioren und vielversprechende D1-Junioren <\/span>weiterlesen<\/a><\/div><\/li>\n<li><div class=\"wp-block-latest-posts__featured-image aligncenter\"><img loading=\"lazy\" decoding=\"async\" width=\"300\" height=\"225\" src=\"https:\/\/www.fcweissensee03.de\/V2\/wp-content\/uploads\/2023\/05\/857ca3e4-ed2b-4423-981b-a5098a149d51-300x225.jpg\" class=\"attachment-medium size-medium wp-post-image\" alt=\"\" style=\"\" srcset=\"https:\/\/www.fcweissensee03.de\/V2\/wp-content\/uploads\/2023\/05\/857ca3e4-ed2b-4423-981b-a5098a149d51-300x225.jpg 300w, https:\/\/www.fcweissensee03.de\/V2\/wp-content\/uploads\/2023\/05\/857ca3e4-ed2b-4423-981b-a5098a149d51-1024x768.jpg 1024w, https:\/\/www.fcweissensee03.de\/V2\/wp-content\/uploads\/2023\/05\/857ca3e4-ed2b-4423-981b-a5098a149d51-768x576.jpg 768w, https:\/\/www.fcweissensee03.de\/V2\/wp-content\/uploads\/2023\/05\/857ca3e4-ed2b-4423-981b-a5098a149d51-1536x1152.jpg 1536w, https:\/\/www.fcweissensee03.de\/V2\/wp-content\/uploads\/2023\/05\/857ca3e4-ed2b-4423-981b-a5098a149d51.jpg 1600w\" sizes=\"(max-width: 300px) 100vw, 300px\" \/><\/div><a class=\"wp-block-latest-posts__post-title\" href=\"https:\/\/www.fcweissensee03.de\/V2\/2023\/05\/15\/nichts-zu-holen-beim-tabellenfuehrer\/\">Nichts zu holen beim Tabellenf\u00fchrer<\/a><time datetime=\"2023-05-15T20:55:39+02:00\" class=\"wp-block-latest-posts__post-date\">15. Mai 2023<\/time><div class=\"wp-block-latest-posts__post-excerpt\">Zum Ausw\u00e4rtsspiel bei VfB GW 1990 Erfurt reiste unsere D2 am letzten Samstag. Trotz d\u00fcnner Personaldecke \u00fcberzeugte unser Team auf ganzer Linie in der ersten Halbzeit und hielt extrem stark dagegen. Dennoch ging es\u2026\u00a0<a class=\"wp-block-latest-posts__read-more\" href=\"https:\/\/www.fcweissensee03.de\/V2\/2023\/05\/15\/nichts-zu-holen-beim-tabellenfuehrer\/\" rel=\"noopener noreferrer\"><span class=\"screen-reader-text\">Nichts zu holen beim Tabellenf\u00fchrer <\/span>weiterlesen<\/a><\/div><\/li>\n<li><div class=\"wp-block-latest-posts__featured-image aligncenter\"><img loading=\"lazy\" decoding=\"async\" width=\"300\" height=\"195\" src=\"https:\/\/www.fcweissensee03.de\/V2\/wp-content\/uploads\/2023\/04\/73fdf9af-f32d-4438-8e28-d59b0659caf5-300x195.jpg\" class=\"attachment-medium size-medium wp-post-image\" alt=\"\" style=\"\" srcset=\"https:\/\/www.fcweissensee03.de\/V2\/wp-content\/uploads\/2023\/04\/73fdf9af-f32d-4438-8e28-d59b0659caf5-300x195.jpg 300w, https:\/\/www.fcweissensee03.de\/V2\/wp-content\/uploads\/2023\/04\/73fdf9af-f32d-4438-8e28-d59b0659caf5-1024x667.jpg 1024w, https:\/\/www.fcweissensee03.de\/V2\/wp-content\/uploads\/2023\/04\/73fdf9af-f32d-4438-8e28-d59b0659caf5-768x500.jpg 768w, https:\/\/www.fcweissensee03.de\/V2\/wp-content\/uploads\/2023\/04\/73fdf9af-f32d-4438-8e28-d59b0659caf5-1536x1001.jpg 1536w, https:\/\/www.fcweissensee03.de\/V2\/wp-content\/uploads\/2023\/04\/73fdf9af-f32d-4438-8e28-d59b0659caf5.jpg 2048w\" sizes=\"(max-width: 300px) 100vw, 300px\" \/><\/div><a class=\"wp-block-latest-posts__post-title\" href=\"https:\/\/www.fcweissensee03.de\/V2\/2023\/04\/21\/spielgemeinschaft-lohnt-sich\/\">Spielgemeinschaft lohnt sich<\/a><time datetime=\"2023-04-21T21:10:44+02:00\" class=\"wp-block-latest-posts__post-date\">21. April 2023<\/time><div class=\"wp-block-latest-posts__post-excerpt\">Bereits vor einiger Zeit wurden einige Kinder unserer D-Junioren gl\u00fccklich gemacht. Die Herausforderung einer Spielgemeinschaft ist nat\u00fcrlich, dass die Kinder einer Mannschaft nicht bereits ihre gesamte Jugend zusammen spielen. Entsprechend hat nat\u00fcrlich jedes Kind\u2026\u00a0<a class=\"wp-block-latest-posts__read-more\" href=\"https:\/\/www.fcweissensee03.de\/V2\/2023\/04\/21\/spielgemeinschaft-lohnt-sich\/\" rel=\"noopener noreferrer\"><span class=\"screen-reader-text\">Spielgemeinschaft lohnt sich <\/span>weiterlesen<\/a><\/div><\/li>\n<li><a class=\"wp-block-latest-posts__post-title\" href=\"https:\/\/www.fcweissensee03.de\/V2\/2023\/01\/09\/2-pokalspezialist-cup-des-fc-weissensee-03\/\">2. Pokalspezialist-Cup des FC Wei\u00dfensee 03<\/a><time datetime=\"2023-01-09T21:35:03+01:00\" class=\"wp-block-latest-posts__post-date\">9. Januar 2023<\/time><div class=\"wp-block-latest-posts__post-excerpt\">Nachdem das letzte Wochenende des Jahres 2022 vor den Feiertagen den j\u00fcngsten Nachwuchskickern des FC Wei\u00dfensee 03 vorbehalten war, l\u00e4uteten nun unsere \u00e4lteren Junioren das Fu\u00dfballjahr 2023 ein. Am 7. und 8. Januar 2023\u2026\u00a0<a class=\"wp-block-latest-posts__read-more\" href=\"https:\/\/www.fcweissensee03.de\/V2\/2023\/01\/09\/2-pokalspezialist-cup-des-fc-weissensee-03\/\" rel=\"noopener noreferrer\"><span class=\"screen-reader-text\">2. Pokalspezialist-Cup des FC Wei\u00dfensee 03 <\/span>weiterlesen<\/a><\/div><\/li>\n<li><a class=\"wp-block-latest-posts__post-title\" href=\"https:\/\/www.fcweissensee03.de\/V2\/2022\/09\/15\/wanderung-zum-wasserschloesschen-bei-ottenhausen\/\">Wanderung zum Wasserschl\u00f6sschen bei Ottenhausen<\/a><time datetime=\"2022-09-15T15:55:39+02:00\" class=\"wp-block-latest-posts__post-date\">15. September 2022<\/time><div class=\"wp-block-latest-posts__post-excerpt\">Am 10.09.2022 organisierte der Heimat- und Geschichtsverein MeinWei\u00dfensee e.V. eine Wanderung zum Wasserschl\u00f6sschen bei Ottenhausen. Einige Kinder und Eltern der D1-Junioren des FC Wei\u00dfensee 03 beteiligten sich ebenfalls an dieser Exkursion. Die Betriebsgesellschaft Wasser\u2026\u00a0<a class=\"wp-block-latest-posts__read-more\" href=\"https:\/\/www.fcweissensee03.de\/V2\/2022\/09\/15\/wanderung-zum-wasserschloesschen-bei-ottenhausen\/\" rel=\"noopener noreferrer\"><span class=\"screen-reader-text\">Wanderung zum Wasserschl\u00f6sschen bei Ottenhausen <\/span>weiterlesen<\/a><\/div><\/li>\n<li><a class=\"wp-block-latest-posts__post-title\" href=\"https:\/\/www.fcweissensee03.de\/V2\/2022\/09\/04\/neues-trainingsoutfit-fuer-die-d1-junioren\/\">Neues Trainingsoutfit f\u00fcr die D1-Junioren<\/a><time datetime=\"2022-09-04T18:58:57+02:00\" class=\"wp-block-latest-posts__post-date\">4. September 2022<\/time><div class=\"wp-block-latest-posts__post-excerpt\">Die D1-Junioren der Spielgemeinschaft mit dem TSV 1990 Bilzingsleben gehen in die Saison 2022\/2023 mit neuen Trainingsoutfits. Erm\u00f6glicht hat dies die Firma \u201ePapesch Heizung und Sanit\u00e4r\u201c. Wir m\u00f6chten uns recht herzlich bei unserem Coach\u2026\u00a0<a class=\"wp-block-latest-posts__read-more\" href=\"https:\/\/www.fcweissensee03.de\/V2\/2022\/09\/04\/neues-trainingsoutfit-fuer-die-d1-junioren\/\" rel=\"noopener noreferrer\"><span class=\"screen-reader-text\">Neues Trainingsoutfit f\u00fcr die D1-Junioren <\/span>weiterlesen<\/a><\/div><\/li>\n<li><a class=\"wp-block-latest-posts__post-title\" href=\"https:\/\/www.fcweissensee03.de\/V2\/2022\/08\/30\/wasserballturnier\/\">Wasserballturnier<\/a><time datetime=\"2022-08-30T07:32:05+02:00\" class=\"wp-block-latest-posts__post-date\">30. August 2022<\/time><div class=\"wp-block-latest-posts__post-excerpt\">Bevor die Mannschaften in die Saisonvorbereitung starten, trafen sich unsere D und C-Junioren der Spielgemeinschaft mit dem TSV 1990 Bilzingsleben zum Wasserballturnier im Wei\u00dfenseer Stadtbad. Nach der obligatorischen Erw\u00e4rmung und einer kleinen Challenge k\u00e4mpften\u2026\u00a0<a class=\"wp-block-latest-posts__read-more\" href=\"https:\/\/www.fcweissensee03.de\/V2\/2022\/08\/30\/wasserballturnier\/\" rel=\"noopener noreferrer\"><span class=\"screen-reader-text\">Wasserballturnier <\/span>weiterlesen<\/a><\/div><\/li>\n<li><a class=\"wp-block-latest-posts__post-title\" href=\"https:\/\/www.fcweissensee03.de\/V2\/2022\/07\/14\/fliesen-beck-cup-2022\/\">Fliesen Beck Cup 2022<\/a><time datetime=\"2022-07-14T10:59:46+02:00\" class=\"wp-block-latest-posts__post-date\">14. Juli 2022<\/time><div class=\"wp-block-latest-posts__post-excerpt\">Das Wochenende 08.07.2022 &#8211; 10.07.2022 stand ganz im Zeichen des Fliesen Beck Cups 2022. Von Freitagabend bis Sonntagnachmittag veranstaltete der FC Wei\u00dfensee 03 am Sportplatz Ulmenallee erstmals ein Open-Air Fu\u00dfballturnier im Sommer mit allen\u2026\u00a0<a class=\"wp-block-latest-posts__read-more\" href=\"https:\/\/www.fcweissensee03.de\/V2\/2022\/07\/14\/fliesen-beck-cup-2022\/\" rel=\"noopener noreferrer\"><span class=\"screen-reader-text\">Fliesen Beck Cup 2022 <\/span>weiterlesen<\/a><\/div><\/li>\n<li><a class=\"wp-block-latest-posts__post-title\" href=\"https:\/\/www.fcweissensee03.de\/V2\/2022\/07\/04\/d2-junioren\/\">D2-Junioren<\/a><time datetime=\"2022-07-04T11:28:20+02:00\" class=\"wp-block-latest-posts__post-date\">4. Juli 2022<\/time><div class=\"wp-block-latest-posts__post-excerpt\">von Tim Scheinpflug OHRA Energie Cup 2022, 3. Platz f\u00fcr unsere D2- Junioren Am 03.07.2022 waren die D2-Junioren beim OHRA Energie Cup 2022 in Ohrdruf eingeladen. Mit deneinzigen Zielsetzungen: ein bisschen Spa\u00df haben und\u2026\u00a0<a class=\"wp-block-latest-posts__read-more\" href=\"https:\/\/www.fcweissensee03.de\/V2\/2022\/07\/04\/d2-junioren\/\" rel=\"noopener noreferrer\"><span class=\"screen-reader-text\">D2-Junioren <\/span>weiterlesen<\/a><\/div><\/li>\n<li><a class=\"wp-block-latest-posts__post-title\" href=\"https:\/\/www.fcweissensee03.de\/V2\/2022\/06\/01\/d1-junioren-2\/\">D1-Junioren<\/a><time datetime=\"2022-06-01T10:10:42+02:00\" class=\"wp-block-latest-posts__post-date\">1. Juni 2022<\/time><div class=\"wp-block-latest-posts__post-excerpt\">Auch unsere D1-Junioren sind weiterhin erfolgreich.<\/div><\/li>\n<li><a class=\"wp-block-latest-posts__post-title\" href=\"https:\/\/www.fcweissensee03.de\/V2\/2022\/05\/25\/d1-junioren\/\">D1 &#8211; Junioren<\/a><time datetime=\"2022-05-25T16:15:08+02:00\" class=\"wp-block-latest-posts__post-date\">25. Mai 2022<\/time><div class=\"wp-block-latest-posts__post-excerpt\">Unsere D1-Junioren der Spielgemeinschaft mit dem TSV 1990 Bilzingsleben haben sich gestern endlich mal wieder belohnt und 3:2 gegen den Tabellendritten, Lossatal Gro\u00dfneuhausen, gewonnen. Beim Hinspiel hatte unsere Mannschaft einen rabenschwarzen Tag erwischt und\u2026\u00a0<a class=\"wp-block-latest-posts__read-more\" href=\"https:\/\/www.fcweissensee03.de\/V2\/2022\/05\/25\/d1-junioren\/\" rel=\"noopener noreferrer\"><span class=\"screen-reader-text\">D1 &#8211; Junioren <\/span>weiterlesen<\/a><\/div><\/li>\n<li><div class=\"wp-block-latest-posts__featured-image aligncenter\"><img loading=\"lazy\" decoding=\"async\" width=\"300\" height=\"203\" src=\"https:\/\/www.fcweissensee03.de\/V2\/wp-content\/uploads\/2021\/08\/Komm-und-spiel...-1-300x203.png\" class=\"attachment-medium size-medium wp-post-image\" alt=\"\" style=\"\" srcset=\"https:\/\/www.fcweissensee03.de\/V2\/wp-content\/uploads\/2021\/08\/Komm-und-spiel...-1-300x203.png 300w, https:\/\/www.fcweissensee03.de\/V2\/wp-content\/uploads\/2021\/08\/Komm-und-spiel...-1-768x519.png 768w, https:\/\/www.fcweissensee03.de\/V2\/wp-content\/uploads\/2021\/08\/Komm-und-spiel...-1.png 999w\" sizes=\"(max-width: 300px) 100vw, 300px\" \/><\/div><a class=\"wp-block-latest-posts__post-title\" href=\"https:\/\/www.fcweissensee03.de\/V2\/2021\/08\/13\/komm-und-spiel-mit-uns-fussball\/\">Komm und spiel mit uns Fussball!<\/a><time datetime=\"2021-08-13T21:35:00+02:00\" class=\"wp-block-latest-posts__post-date\">13. August 2021<\/time><div class=\"wp-block-latest-posts__post-excerpt\">Wir bieten M\u00e4dchen und Jungen im Alter von 5 \u2013 14 Jahren (G bis C-Junioren) einen Platz in unseren Jugendmannschaften. Kontakt: info-fcweissensee03@web.de oder 0172\/7985046 www.FCWeissensee03.de \/ Facebook: FC Wei\u00dfensee 03 Junioren<\/div><\/li>\n<li><a class=\"wp-block-latest-posts__post-title\" href=\"https:\/\/www.fcweissensee03.de\/V2\/2021\/07\/13\/testspiele-gegen-jv-ohraange-united-e-v\/\">Testspiele gegen JV OHRAange United e. V.<\/a><time datetime=\"2021-07-13T16:23:25+02:00\" class=\"wp-block-latest-posts__post-date\">13. Juli 2021<\/time><div class=\"wp-block-latest-posts__post-excerpt\">Die D2 Junioren der Spielgemeinschaft Wei\u00dfensee\/Bilzingsleben bestritten am 10. Juli 2021 ein weiteres Testspiel. Die erste Halbzeit konnte noch weitgehend offen gestaltet werden, wodurch wir mit einer 3:1 F\u00fchrung in die Pause gingen. Leider\u2026\u00a0<a class=\"wp-block-latest-posts__read-more\" href=\"https:\/\/www.fcweissensee03.de\/V2\/2021\/07\/13\/testspiele-gegen-jv-ohraange-united-e-v\/\" rel=\"noopener noreferrer\"><span class=\"screen-reader-text\">Testspiele gegen JV OHRAange United e. V. <\/span>weiterlesen<\/a><\/div><\/li>\n<li><a class=\"wp-block-latest-posts__post-title\" href=\"https:\/\/www.fcweissensee03.de\/V2\/2021\/06\/27\/testspiel-d-junioren\/\">Testspiel D-Junioren<\/a><time datetime=\"2021-06-27T22:30:29+02:00\" class=\"wp-block-latest-posts__post-date\">27. Juni 2021<\/time><div class=\"wp-block-latest-posts__post-excerpt\">Testspiel D-Junioren am 26.06.2021 Am Samstag, den 26.06.2021 starteten die beiden D-Junioren-Mannschaften der Spielgemeinschaft Bilzingsleben\/Wei\u00dfensee mit einem internen Leistungsvergleich in die neue Saison. Auf dem wieder einmal bestens pr\u00e4parierten Jugendplatz (gro\u00dfes Lob an G\u00fcnther\u2026\u00a0<a class=\"wp-block-latest-posts__read-more\" href=\"https:\/\/www.fcweissensee03.de\/V2\/2021\/06\/27\/testspiel-d-junioren\/\" rel=\"noopener noreferrer\"><span class=\"screen-reader-text\">Testspiel D-Junioren <\/span>weiterlesen<\/a><\/div><\/li>\n<li><a class=\"wp-block-latest-posts__post-title\" href=\"https:\/\/www.fcweissensee03.de\/V2\/2021\/06\/08\/schoen-anzusehen\/\">Sch\u00f6n anzusehen<\/a><time datetime=\"2021-06-08T06:41:34+02:00\" class=\"wp-block-latest-posts__post-date\">8. Juni 2021<\/time><div class=\"wp-block-latest-posts__post-excerpt\">Beim gestrigen Training der E- und D-Junioren trainierten 35 Kinder mit 6 Trainern und jeder Menge Spa\u00df dabei. Die gut vorbereiteten und durchgef\u00fchrten Trainingseinheiten kommen bei den Kindern immer gut an, dass sie oftmals\u2026\u00a0<a class=\"wp-block-latest-posts__read-more\" href=\"https:\/\/www.fcweissensee03.de\/V2\/2021\/06\/08\/schoen-anzusehen\/\" rel=\"noopener noreferrer\"><span class=\"screen-reader-text\">Sch\u00f6n anzusehen <\/span>weiterlesen<\/a><\/div><\/li>\n<li><a class=\"wp-block-latest-posts__post-title\" href=\"https:\/\/www.fcweissensee03.de\/V2\/2020\/12\/21\/d-junioren-2\/\">D-Junioren<\/a><time datetime=\"2020-12-21T13:12:08+01:00\" class=\"wp-block-latest-posts__post-date\">21. Dezember 2020<\/time><div class=\"wp-block-latest-posts__post-excerpt\">Spielgemeinschaft Bilzingsleben\/Wei\u00dfensee Seit Sommer 2020 haben wir im Bereich der D-Junioren eine Spielgemeinschaft mit dem TSV 1990 Bilzingsleben. Die Mannschaft besteht aus 17 Kindern, 2 M\u00e4dchen und 15 Jungen. Das Team wird von unserem\u2026\u00a0<a class=\"wp-block-latest-posts__read-more\" href=\"https:\/\/www.fcweissensee03.de\/V2\/2020\/12\/21\/d-junioren-2\/\" rel=\"noopener noreferrer\"><span class=\"screen-reader-text\">D-Junioren <\/span>weiterlesen<\/a><\/div><\/li>\n<li><a class=\"wp-block-latest-posts__post-title\" href=\"https:\/\/www.fcweissensee03.de\/V2\/2019\/12\/12\/pokalspezialist-cup-2\/\">Pokalspezialist-Cup<\/a><time datetime=\"2019-12-12T13:50:28+01:00\" class=\"wp-block-latest-posts__post-date\">12. Dezember 2019<\/time><div class=\"wp-block-latest-posts__post-excerpt\">Es rappelt im Karton&#8230;. Pokalspezialist-Cup der Junioren des&nbsp;FC Wei\u00dfensee 03 e.V.&nbsp;am Wochenende 07.12.\/08.12.2019 Am zweiten Adventswochenende kamen in der Sporthalle am Fischhof in Wei\u00dfensee die Freunde des gepflegten Budenzaubers voll auf ihre Kosten. Die\u2026\u00a0<a class=\"wp-block-latest-posts__read-more\" href=\"https:\/\/www.fcweissensee03.de\/V2\/2019\/12\/12\/pokalspezialist-cup-2\/\" rel=\"noopener noreferrer\"><span class=\"screen-reader-text\">Pokalspezialist-Cup <\/span>weiterlesen<\/a><\/div><\/li>\n<li><a class=\"wp-block-latest-posts__post-title\" href=\"https:\/\/www.fcweissensee03.de\/V2\/2019\/11\/27\/pokalspezialist-cup\/\">Pokalspezialist-Cup<\/a><time datetime=\"2019-11-27T22:03:23+01:00\" class=\"wp-block-latest-posts__post-date\">27. November 2019<\/time><div class=\"wp-block-latest-posts__post-excerpt\">Am 7. und 8. Dezember 2019 finden die Hallenturniere unserer Jugendmannschaften statt. Wir haben viele interessante Teams eingeladen und freuen uns auf gute Spiele und sch\u00f6ne Tore.<\/div><\/li>\n<li><a class=\"wp-block-latest-posts__post-title\" href=\"https:\/\/www.fcweissensee03.de\/V2\/2019\/10\/05\/neuer-trikotsatz-fuer-unsere-d-junioren\/\">Neuer Trikotsatz f\u00fcr unsere D-Junioren<\/a><time datetime=\"2019-10-05T23:43:11+02:00\" class=\"wp-block-latest-posts__post-date\">5. Oktober 2019<\/time><div class=\"wp-block-latest-posts__post-excerpt\">Freudige Gesichter auf unserem Jugendplatz an der Ulmenallee.&nbsp;Stefan M\u00fcller&nbsp;\u00fcberreichte unseren D-Junioren einen komplett neuen Trikotsatz f\u00fcr die laufende Saison. Die M\u00e4dchen und Jungs freuen sich \u00fcber die tolle Unterst\u00fctzung und bedanken sich recht herzlich.\u2026\u00a0<a class=\"wp-block-latest-posts__read-more\" href=\"https:\/\/www.fcweissensee03.de\/V2\/2019\/10\/05\/neuer-trikotsatz-fuer-unsere-d-junioren\/\" rel=\"noopener noreferrer\"><span class=\"screen-reader-text\">Neuer Trikotsatz f\u00fcr unsere D-Junioren <\/span>weiterlesen<\/a><\/div><\/li>\n<li><a class=\"wp-block-latest-posts__post-title\" href=\"https:\/\/www.fcweissensee03.de\/V2\/2019\/10\/01\/d-junioren\/\">D-Junioren<\/a><time datetime=\"2019-10-01T09:29:30+02:00\" class=\"wp-block-latest-posts__post-date\">1. Oktober 2019<\/time><div class=\"wp-block-latest-posts__post-excerpt\">FC Wei\u00dfensee 03 vs. Sportfreunde Leubingen 0:6 (0:4) Zum letzten Spieltag vor den Herbstferien empfingen wir die Sportfreunde aus Leubingen. Dieses Spiel wollten wir unbedingt gewinnen. Nach gutem Training unter der Woche und einem\u2026\u00a0<a class=\"wp-block-latest-posts__read-more\" href=\"https:\/\/www.fcweissensee03.de\/V2\/2019\/10\/01\/d-junioren\/\" rel=\"noopener noreferrer\"><span class=\"screen-reader-text\">D-Junioren <\/span>weiterlesen<\/a><\/div><\/li>\n<li><div class=\"wp-block-latest-posts__featured-image aligncenter\"><img loading=\"lazy\" decoding=\"async\" width=\"300\" height=\"190\" src=\"https:\/\/www.fcweissensee03.de\/V2\/wp-content\/uploads\/2019\/06\/1553672665-300x190.jpg\" class=\"attachment-medium size-medium wp-post-image\" alt=\"\" style=\"\" srcset=\"https:\/\/www.fcweissensee03.de\/V2\/wp-content\/uploads\/2019\/06\/1553672665-300x190.jpg 300w, https:\/\/www.fcweissensee03.de\/V2\/wp-content\/uploads\/2019\/06\/1553672665.jpg 400w\" sizes=\"(max-width: 300px) 100vw, 300px\" \/><\/div><a class=\"wp-block-latest-posts__post-title\" href=\"https:\/\/www.fcweissensee03.de\/V2\/2019\/06\/04\/neues-outfit\/\">Neues Outfit<\/a><time datetime=\"2019-06-04T11:31:43+02:00\" class=\"wp-block-latest-posts__post-date\">4. Juni 2019<\/time><div class=\"wp-block-latest-posts__post-excerpt\">Neues Outfit voller Freude pr\u00e4sentieren die D-Junioren des FC Wei\u00dfensee 03 ihre neuen Trainingsanz\u00fcge. P\u00fcnktlich zur R\u00fcckrunde starten sie einheitlich als Mannschaft. Der Teamgeist ist gest\u00e4rkt und nun m\u00fcssen die sportlichen Ziele erreicht werden.\u2026\u00a0<a class=\"wp-block-latest-posts__read-more\" href=\"https:\/\/www.fcweissensee03.de\/V2\/2019\/06\/04\/neues-outfit\/\" rel=\"noopener noreferrer\"><span class=\"screen-reader-text\">Neues Outfit <\/span>weiterlesen<\/a><\/div><\/li>\n<\/ul>","protected":false},"excerpt":{"rendered":"","protected":false},"author":10,"featured_media":0,"parent":5588,"menu_order":0,"comment_status":"closed","ping_status":"closed","template":"page-with-right-sidebar","meta":{"saved_in_kubio":true,"footnotes":""},"class_list":["post-5674","page","type-page","status-publish","hentry"],"kubio_ai_page_context":{"short_desc":"","purpose":"general"},"_links":{"self":[{"href":"https:\/\/www.fcweissensee03.de\/V2\/wp-json\/wp\/v2\/pages\/5674","targetHints":{"allow":["GET"]}}],"collection":[{"href":"https:\/\/www.fcweissensee03.de\/V2\/wp-json\/wp\/v2\/pages"}],"about":[{"href":"https:\/\/www.fcweissensee03.de\/V2\/wp-json\/wp\/v2\/types\/page"}],"author":[{"embeddable":true,"href":"https:\/\/www.fcweissensee03.de\/V2\/wp-json\/wp\/v2\/users\/10"}],"replies":[{"embeddable":true,"href":"https:\/\/www.fcweissensee03.de\/V2\/wp-json\/wp\/v2\/comments?post=5674"}],"version-history":[{"count":0,"href":"https:\/\/www.fcweissensee03.de\/V2\/wp-json\/wp\/v2\/pages\/5674\/revisions"}],"up":[{"embeddable":true,"href":"https:\/\/www.fcweissensee03.de\/V2\/wp-json\/wp\/v2\/pages\/5588"}],"wp:attachment":[{"href":"https:\/\/www.fcweissensee03.de\/V2\/wp-json\/wp\/v2\/media?parent=5674"}],"curies":[{"name":"wp","href":"https:\/\/api.w.org\/{rel}","templated":true}]}}